{"id":6153,"date":"2023-04-11T12:47:25","date_gmt":"2023-04-11T16:47:25","guid":{"rendered":"https:\/\/loigica.com\/?page_id=6153"},"modified":"2026-04-23T09:59:31","modified_gmt":"2026-04-23T13:59:31","slug":"sara-benmouna-abogada-inmigracion","status":"publish","type":"page","link":"https:\/\/loigica.com\/es\/loigica-3\/nuestros-abogados\/sara-benmouna-abogada-inmigracion\/","title":{"rendered":"Sara Benmouna | Abogada Principal LOIGICA"},"content":{"rendered":"\t\t<div data-elementor-type=\"wp-page\" data-elementor-id=\"6153\" class=\"elementor elementor-6153\" data-elementor-post-type=\"page\">\n\t\t\t\t<div class=\"elementor-element elementor-element-a297bf7 e-flex e-con-boxed e-con e-parent\" data-id=\"a297bf7\" data-element_type=\"container\" data-e-type=\"container\" data-settings=\"{&quot;background_background&quot;:&quot;classic&quot;}\">\n\t\t\t\t\t<div class=\"e-con-inner\">\n\t\t<div class=\"elementor-element elementor-element-6b2a8f4 e-con-full e-flex e-con e-child\" data-id=\"6b2a8f4\" data-element_type=\"container\" data-e-type=\"container\">\n\t\t\t\t<div class=\"elementor-element elementor-element-f25323a elementor-widget elementor-widget-elementskit-heading\" data-id=\"f25323a\" data-element_type=\"widget\" data-e-type=\"widget\" data-widget_type=\"elementskit-heading.default\">\n\t\t\t\t<div class=\"elementor-widget-container\">\n\t\t\t\t\t<div class=\"ekit-wid-con\" ><div class=\"ekit-heading elementskit-section-title-wraper text_left   ekit_heading_tablet-   ekit_heading_mobile-\"><h2 class=\"ekit-heading--title elementskit-section-title \"><span><span>Sara Benmouna<\/span><\/span> Abogada Principal<\/h2>\t\t\t\t<div class='ekit-heading__description'>\n\t\t\t\t\t<div class=\"\">\n\n<div class=\"text-base my-auto mx-auto pb-10 [--thread-content-margin:var(--thread-content-margin-xs,calc(var(--spacing)*4))] @w-sm\/main:[--thread-content-margin:var(--thread-content-margin-sm,calc(var(--spacing)*6))] @w-lg\/main:[--thread-content-margin:var(--thread-content-margin-lg,calc(var(--spacing)*16))] px-(--thread-content-margin)\">\n<div class=\"[--thread-content-max-width:40rem] @w-lg\/main:[--thread-content-max-width:48rem] mx-auto max-w-(--thread-content-max-width) flex-1 group\/turn-messages focus-visible:outline-hidden relative flex w-full min-w-0 flex-col agent-turn\">\n<div class=\"flex max-w-full flex-col gap-4 grow\">\n<div class=\"min-h-8 text-message relative flex w-full flex-col items-end gap-2 text-start break-words whitespace-normal outline-none keyboard-focused:focus-ring [.text-message+&amp;]:mt-1\">\n<div class=\"flex w-full flex-col gap-1 empty:hidden\">\n<div class=\"markdown prose dark:prose-invert w-full wrap-break-word dark markdown-new-styling\">\n<p>Sara Benmouna es una abogada de inmigraci\u00f3n francesa con una s\u00f3lida trayectoria acad\u00e9mica y profesional. Su inter\u00e9s por el derecho comercial internacional la llev\u00f3 a obtener una Maestr\u00eda en Derecho Comercial Internacional en Marsella, Francia. Posteriormente, decidi\u00f3 continuar su carrera en Estados Unidos para ampliar su experiencia legal en un entorno internacional.<\/p>\n<p>\u00a0<\/p>\n<\/div>\n<\/div>\n<\/div>\n<\/div>\n<\/div>\n<\/div>\n\n<\/div>\n\t\t\t\t<\/div>\n\t\t\t<div class=\"ekit_heading_separetor_wraper ekit_heading_elementskit-border-divider ekit-dotted\"><div class=\"elementskit-border-divider ekit-dotted\"><\/div><\/div><\/div><\/div>\t\t\t\t<\/div>\n\t\t\t\t<\/div>\n\t\t<div class=\"elementor-element elementor-element-5755c82 e-con-full e-flex e-con e-child\" data-id=\"5755c82\" data-element_type=\"container\" data-e-type=\"container\">\n\t\t\t\t<div class=\"elementor-element elementor-element-a5a9d27 elementor-align-center elementor-widget elementor-widget-elementskit-button\" data-id=\"a5a9d27\" data-element_type=\"widget\" data-e-type=\"widget\" data-widget_type=\"elementskit-button.default\">\n\t\t\t\t<div class=\"elementor-widget-container\">\n\t\t\t\t\t<div class=\"ekit-wid-con\" >\t\t<div class=\"ekit-btn-wraper\">\n\t\t\t\t\t\t\t<a href=\"#form\" class=\"elementskit-btn  whitespace--normal\" id=\"\">\n\t\t\t\t\tContacta con un abogado ahora\t\t\t\t<\/a>\n\t\t\t\t\t<\/div>\n        <\/div>\t\t\t\t<\/div>\n\t\t\t\t<\/div>\n\t\t\t\t<div class=\"elementor-element elementor-element-34464ec elementor-align-center elementor-widget elementor-widget-elementskit-button\" data-id=\"34464ec\" data-element_type=\"widget\" data-e-type=\"widget\" data-widget_type=\"elementskit-button.default\">\n\t\t\t\t<div class=\"elementor-widget-container\">\n\t\t\t\t\t<div class=\"ekit-wid-con\" >\t\t<div class=\"ekit-btn-wraper\">\n\t\t\t\t\t\t\t<a href=\"https:\/\/loigica.com\/about-loigica\/team\/attorney-sara-benmouna\/\" class=\"elementskit-btn  whitespace--normal\" id=\"\">\n\t\t\t\t\t<i class=\"fas fa-globe\"><\/i>Ingl\u00e9s\t\t\t\t<\/a>\n\t\t\t\t\t<\/div>\n        <\/div>\t\t\t\t<\/div>\n\t\t\t\t<\/div>\n\t\t\t\t<\/div>\n\t\t\t\t<\/div>\n\t\t\t\t<div class=\"elementor-element elementor-element-d287398 elementor-widget elementor-widget-image\" data-id=\"d287398\" data-element_type=\"widget\" data-e-type=\"widget\" data-widget_type=\"image.default\">\n\t\t\t\t<div class=\"elementor-widget-container\">\n\t\t\t\t\t\t\t\t\t\t\t\t\t\t\t<img fetchpriority=\"high\" decoding=\"async\" width=\"768\" height=\"917\" src=\"https:\/\/loigica.com\/es\/wp-content\/uploads\/sara_benmouna_LOIGICA-1-1-1-1-768x917.png\" class=\"attachment-medium_large size-medium_large wp-image-20612\" alt=\"Sara Benmouna\" srcset=\"https:\/\/loigica.com\/es\/wp-content\/uploads\/sara_benmouna_LOIGICA-1-1-1-1-768x917.png 768w, https:\/\/loigica.com\/es\/wp-content\/uploads\/sara_benmouna_LOIGICA-1-1-1-1-251x300.png 251w, https:\/\/loigica.com\/es\/wp-content\/uploads\/sara_benmouna_LOIGICA-1-1-1-1-857x1024.png 857w, https:\/\/loigica.com\/es\/wp-content\/uploads\/sara_benmouna_LOIGICA-1-1-1-1.png 1080w\" sizes=\"(max-width: 768px) 100vw, 768px\" \/>\t\t\t\t\t\t\t\t\t\t\t\t\t\t\t<\/div>\n\t\t\t\t<\/div>\n\t\t\t\t\t<\/div>\n\t\t\t\t<\/div>\n\t\t<div class=\"elementor-element elementor-element-aa44c3d e-flex e-con-boxed e-con e-parent\" data-id=\"aa44c3d\" data-element_type=\"container\" data-e-type=\"container\">\n\t\t\t\t\t<div class=\"e-con-inner\">\n\t\t\t\t<div class=\"elementor-element elementor-element-2085bdb elementor-widget__width-auto elementor-widget elementor-widget-elementskit-heading\" data-id=\"2085bdb\" data-element_type=\"widget\" data-e-type=\"widget\" data-widget_type=\"elementskit-heading.default\">\n\t\t\t\t<div class=\"elementor-widget-container\">\n\t\t\t\t\t<div class=\"ekit-wid-con\" ><div class=\"ekit-heading elementskit-section-title-wraper text_left   ekit_heading_tablet-   ekit_heading_mobile-\"><div class=\"ekit_heading_separetor_wraper ekit_heading_elementskit-border-divider ekit-dotted\"><div class=\"elementskit-border-divider ekit-dotted\"><\/div><\/div><h2 class=\"ekit-heading--title elementskit-section-title \">Sobre <span><span>Sara Benmouna<\/span><\/span><\/h2><\/div><\/div>\t\t\t\t<\/div>\n\t\t\t\t<\/div>\n\t\t\t\t<div class=\"elementor-element elementor-element-c02e946 elementor-widget__width-inherit elementor-widget elementor-widget-text-editor\" data-id=\"c02e946\" data-element_type=\"widget\" data-e-type=\"widget\" data-widget_type=\"text-editor.default\">\n\t\t\t\t<div class=\"elementor-widget-container\">\n\t\t\t\t\t\t\t\t\t<p data-start=\"209\" data-end=\"582\"><strong data-start=\"209\" data-end=\"226\">Sara Benmouna<\/strong> continu\u00f3 su formaci\u00f3n jur\u00eddica en la <strong data-start=\"264\" data-end=\"312\">Facultad de Derecho de St. Thomas University<\/strong>, en <strong data-start=\"317\" data-end=\"335\">Miami, Florida<\/strong>, donde recibi\u00f3 la <strong data-start=\"354\" data-end=\"387\">Advanced Standing Scholarship<\/strong> y la <strong data-start=\"393\" data-end=\"414\">Merit Scholarship<\/strong> por su destacado desempe\u00f1o acad\u00e9mico. Adem\u00e1s, obtuvo el prestigioso <strong data-start=\"483\" data-end=\"529\">premio CALI a la Excelencia para el Futuro<\/strong> y recibi\u00f3 su t\u00edtulo de <strong data-start=\"553\" data-end=\"581\">Juris Doctor con honores<\/strong>.<\/p><p data-start=\"209\" data-end=\"582\">\u00a0<\/p><p data-start=\"584\" data-end=\"872\">A lo largo de su carrera, <strong data-start=\"610\" data-end=\"627\">Sara Benmouna<\/strong> se ha especializado en la representaci\u00f3n de <strong data-start=\"672\" data-end=\"684\">empresas<\/strong> e <strong data-start=\"687\" data-end=\"701\">individuos<\/strong> en distintos procesos migratorios y corporativos. Entre ellos, se incluyen las <strong data-start=\"781\" data-end=\"815\">certificaciones laborales PERM<\/strong>, las <strong data-start=\"821\" data-end=\"843\">visas de inversi\u00f3n<\/strong> y las <strong data-start=\"850\" data-end=\"871\">visas de negocios<\/strong>.<\/p><p data-start=\"584\" data-end=\"872\">\u00a0<\/p><p data-start=\"874\" data-end=\"1201\">Gracias a su experiencia en diferentes sistemas legales, ella\u00a0brinda un enfoque integral a clientes internacionales. No solo comprende los aspectos legales de cada caso, sino tambi\u00e9n las <strong data-start=\"1074\" data-end=\"1102\">estructuras corporativas<\/strong>, las <strong data-start=\"1108\" data-end=\"1135\">estrategias comerciales<\/strong> y las necesidades operativas de sus clientes en distintos pa\u00edses.<\/p><p data-start=\"874\" data-end=\"1201\">\u00a0<\/p><p data-start=\"1203\" data-end=\"1593\">Asimismo, su perfil profesional se fortalece con su participaci\u00f3n en organizaciones de prestigio. <strong data-start=\"1301\" data-end=\"1318\">Sara Benmouna<\/strong> es miembro de la <strong data-start=\"1336\" data-end=\"1363\">Federal Bar Association<\/strong>, de la <strong data-start=\"1371\" data-end=\"1405\">American Bar Association (ABA)<\/strong> y de la <strong data-start=\"1414\" data-end=\"1478\">International Law Section del Colegio de Abogados de Florida<\/strong>. Por eso, mantiene un firme compromiso con la <strong data-start=\"1525\" data-end=\"1551\">excelencia profesional<\/strong> y la actualizaci\u00f3n constante en su campo.<\/p><p data-start=\"1595\" data-end=\"1912\">Con m\u00e1s de <strong data-start=\"1606\" data-end=\"1635\">siete a\u00f1os de experiencia<\/strong> en <strong data-start=\"1639\" data-end=\"1667\">negocios internacionales<\/strong> y <strong data-start=\"1670\" data-end=\"1692\">derecho migratorio<\/strong>, ella entiende la importancia de aplicar la ley con precisi\u00f3n, estrategia y cercan\u00eda. Adem\u00e1s, se enfoca en comprender las necesidades particulares de cada cliente para ofrecer soluciones claras y efectivas.<\/p><p data-start=\"1595\" data-end=\"1912\">\u00a0<\/p><p data-start=\"1914\" data-end=\"2225\">La abogada <strong data-start=\"1925\" data-end=\"1942\">Sara Benmouna<\/strong> habla <strong data-start=\"1949\" data-end=\"1959\">ingl\u00e9s<\/strong>, <strong data-start=\"1961\" data-end=\"1972\">franc\u00e9s<\/strong> y <strong data-start=\"1975\" data-end=\"1993\">\u00e1rabe marroqu\u00ed<\/strong>, lo que le permite comunicarse con fluidez con una amplia variedad de clientes internacionales. En cada caso, su objetivo es brindar <strong data-start=\"2127\" data-end=\"2152\">soluciones integrales<\/strong>, pr\u00e1cticas y orientadas al \u00e9xito de quienes conf\u00edan en su asesoramiento.<\/p>\t\t\t\t\t\t\t\t<\/div>\n\t\t\t\t<\/div>\n\t\t\t\t\t<\/div>\n\t\t\t\t<\/div>\n\t\t<div class=\"elementor-element elementor-element-8e0232d e-flex e-con-boxed e-con e-parent\" data-id=\"8e0232d\" data-element_type=\"container\" data-e-type=\"container\" data-settings=\"{&quot;background_background&quot;:&quot;classic&quot;}\">\n\t\t\t\t\t<div class=\"e-con-inner\">\n\t\t\t\t<div class=\"elementor-element elementor-element-73353eb elementor-widget elementor-widget-heading\" data-id=\"73353eb\" data-element_type=\"widget\" data-e-type=\"widget\" data-widget_type=\"heading.default\">\n\t\t\t\t<div class=\"elementor-widget-container\">\n\t\t\t\t\t<h3 class=\"elementor-heading-title elementor-size-default\">Sigue a Sara en sus redes sociales y conoce m\u00e1s sobre ella.<\/h3>\t\t\t\t<\/div>\n\t\t\t\t<\/div>\n\t\t\t\t<div class=\"elementor-element elementor-element-30045fa e-grid-align-mobile-center e-grid-align-tablet-center elementor-shape-rounded elementor-grid-0 e-grid-align-center elementor-widget elementor-widget-social-icons\" data-id=\"30045fa\" data-element_type=\"widget\" data-e-type=\"widget\" data-widget_type=\"social-icons.default\">\n\t\t\t\t<div class=\"elementor-widget-container\">\n\t\t\t\t\t\t\t<div class=\"elementor-social-icons-wrapper elementor-grid\" role=\"list\">\n\t\t\t\t\t\t\t<span class=\"elementor-grid-item\" role=\"listitem\">\n\t\t\t\t\t<a class=\"elementor-icon elementor-social-icon elementor-social-icon-icon-linkedin elementor-animation-grow elementor-repeater-item-9929010\" href=\"https:\/\/www.linkedin.com\/in\/sara-benmouna\/\" target=\"_blank\">\n\t\t\t\t\t\t<span class=\"elementor-screen-only\">Icon-linkedin<\/span>\n\t\t\t\t\t\t<i aria-hidden=\"true\" class=\"icon icon-linkedin\"><\/i>\t\t\t\t\t<\/a>\n\t\t\t\t<\/span>\n\t\t\t\t\t\t\t<span class=\"elementor-grid-item\" role=\"listitem\">\n\t\t\t\t\t<a class=\"elementor-icon elementor-social-icon elementor-social-icon-instagram elementor-animation-grow elementor-repeater-item-3023161\" href=\"https:\/\/www.instagram.com\/attorney_sara\" target=\"_blank\">\n\t\t\t\t\t\t<span class=\"elementor-screen-only\">Instagram<\/span>\n\t\t\t\t\t\t<i aria-hidden=\"true\" class=\"fab fa-instagram\"><\/i>\t\t\t\t\t<\/a>\n\t\t\t\t<\/span>\n\t\t\t\t\t<\/div>\n\t\t\t\t\t\t<\/div>\n\t\t\t\t<\/div>\n\t\t\t\t\t<\/div>\n\t\t\t\t<\/div>\n\t\t<div class=\"elementor-element elementor-element-e5af61d e-con-full e-flex e-con e-parent\" data-id=\"e5af61d\" data-element_type=\"container\" data-e-type=\"container\" id=\"form\">\n\t\t<div class=\"elementor-element elementor-element-13d9998 e-con-full e-flex e-con e-child\" data-id=\"13d9998\" data-element_type=\"container\" data-e-type=\"container\" data-settings=\"{&quot;background_background&quot;:&quot;classic&quot;}\">\n\t\t\t\t<div class=\"elementor-element elementor-element-e8a82e7 elementor-widget__width-inherit elementor-widget elementor-widget-heading\" data-id=\"e8a82e7\" data-element_type=\"widget\" data-e-type=\"widget\" data-widget_type=\"heading.default\">\n\t\t\t\t<div class=\"elementor-widget-container\">\n\t\t\t\t\t<h2 class=\"elementor-heading-title elementor-size-default\">Obt\u00e9n asesor\u00eda legal para tu proceso<\/h2>\t\t\t\t<\/div>\n\t\t\t\t<\/div>\n\t\t\t\t<div class=\"elementor-element elementor-element-cf9555e elementor-widget elementor-widget-text-editor\" data-id=\"cf9555e\" data-element_type=\"widget\" data-e-type=\"widget\" data-widget_type=\"text-editor.default\">\n\t\t\t\t<div class=\"elementor-widget-container\">\n\t\t\t\t\t\t\t\t\t<p>Contacta con la abogada principal Sara Benmouna y empieza tu proceso hoy mismo con Sara y su equipo de abogados y profesionales expertos.<\/p>\t\t\t\t\t\t\t\t<\/div>\n\t\t\t\t<\/div>\n\t\t\t\t<\/div>\n\t\t<div class=\"elementor-element elementor-element-065f08d e-con-full e-flex e-con e-child\" data-id=\"065f08d\" data-element_type=\"container\" data-e-type=\"container\" data-settings=\"{&quot;background_background&quot;:&quot;classic&quot;}\">\n\t\t\t\t<div class=\"elementor-element elementor-element-20b5ada elementor-widget elementor-widget-hubspot-form\" data-id=\"20b5ada\" data-element_type=\"widget\" data-e-type=\"widget\" data-widget_type=\"hubspot-form.default\">\n\t\t\t\t<div class=\"elementor-widget-container\">\n\t\t\t\t\t\n\t\t\t\t\t\t<script>\n\t\t\t\t\t\t\twindow.hsFormsOnReady = window.hsFormsOnReady || [];\n\t\t\t\t\t\t\twindow.hsFormsOnReady.push(()=>{\n\t\t\t\t\t\t\t\thbspt.forms.create({\n\t\t\t\t\t\t\t\t\tportalId: 1653096,\n\t\t\t\t\t\t\t\t\tformId: \"b9943b6a-96e6-460e-a8ff-e03eb8d791bb\",\n\t\t\t\t\t\t\t\t\ttarget: \"#hbspt-form-1777572451000-0738975652\",\n\t\t\t\t\t\t\t\t\tregion: \"na1\",\n\t\t\t\t\t\t\t\t\t\n\t\t\t\t\t\t\t})});\n\t\t\t\t\t\t<\/script>\n\t\t\t\t\t\t<div class=\"hbspt-form\" id=\"hbspt-form-1777572451000-0738975652\"><\/div>\t\t\t\t<\/div>\n\t\t\t\t<\/div>\n\t\t\t\t<\/div>\n\t\t\t\t<\/div>\n\t\t\t\t<\/div>\n\t\t","protected":false},"excerpt":{"rendered":"<p>Sara Benmouna es abogada de inmigraci\u00f3n francesa, con experiencia en visas, negocios y certificaciones PERM para clientes internacionales.<\/p>\n","protected":false},"author":19,"featured_media":20612,"parent":6013,"menu_order":0,"comment_status":"closed","ping_status":"closed","template":"","meta":{"content-type":"","footnotes":""},"class_list":["post-6153","page","type-page","status-publish","has-post-thumbnail","hentry"],"yoast_head":"<!-- This site is optimized with the Yoast SEO plugin v27.5 - https:\/\/yoast.com\/product\/yoast-seo-wordpress\/ -->\n<title>Sara Benmouna | Abogada Principal LOIGICA<\/title>\n<meta name=\"description\" content=\"Sara Benmouna es abogada de inmigraci\u00f3n francesa, con experiencia en visas, negocios y certificaciones PERM para clientes internacionales.\" \/>\n<meta name=\"robots\" content=\"index, follow, max-snippet:-1, max-image-preview:large, max-video-preview:-1\" \/>\n<link rel=\"canonical\" href=\"https:\/\/loigica.com\/es\/loigica-3\/nuestros-abogados\/sara-benmouna-abogada-inmigracion\/\" \/>\n<meta property=\"og:locale\" content=\"es_ES\" \/>\n<meta property=\"og:type\" content=\"article\" \/>\n<meta property=\"og:title\" content=\"Sara Benmouna | Abogada Principal LOIGICA\" \/>\n<meta property=\"og:description\" content=\"Sara Benmouna es abogada de inmigraci\u00f3n francesa, con experiencia en visas, negocios y certificaciones PERM para clientes internacionales.\" \/>\n<meta property=\"og:url\" content=\"https:\/\/loigica.com\/es\/loigica-3\/nuestros-abogados\/sara-benmouna-abogada-inmigracion\/\" \/>\n<meta property=\"og:site_name\" content=\"Loigica\" \/>\n<meta property=\"article:publisher\" content=\"https:\/\/www.facebook.com\/loigica\/\" \/>\n<meta property=\"article:modified_time\" content=\"2026-04-23T13:59:31+00:00\" \/>\n<meta property=\"og:image\" content=\"https:\/\/loigica.com\/es\/wp-content\/uploads\/sara_benmouna_LOIGICA-1-1-1-1.png\" \/>\n\t<meta property=\"og:image:width\" content=\"1080\" \/>\n\t<meta property=\"og:image:height\" content=\"1290\" \/>\n\t<meta property=\"og:image:type\" content=\"image\/png\" \/>\n<meta name=\"twitter:card\" content=\"summary_large_image\" \/>\n<meta name=\"twitter:site\" content=\"@Loigica\" \/>\n<meta name=\"twitter:label1\" content=\"Tiempo de lectura\" \/>\n\t<meta name=\"twitter:data1\" content=\"2 minutos\" \/>\n<script type=\"application\/ld+json\" class=\"yoast-schema-graph\">{\"@context\":\"https:\\\/\\\/schema.org\",\"@graph\":[{\"@type\":\"WebPage\",\"@id\":\"https:\\\/\\\/loigica.com\\\/es\\\/loigica-3\\\/nuestros-abogados\\\/sara-benmouna-abogada-inmigracion\\\/\",\"url\":\"https:\\\/\\\/loigica.com\\\/es\\\/loigica-3\\\/nuestros-abogados\\\/sara-benmouna-abogada-inmigracion\\\/\",\"name\":\"Sara Benmouna | Abogada Principal LOIGICA\",\"isPartOf\":{\"@id\":\"https:\\\/\\\/loigica.com\\\/es\\\/#website\"},\"primaryImageOfPage\":{\"@id\":\"https:\\\/\\\/loigica.com\\\/es\\\/loigica-3\\\/nuestros-abogados\\\/sara-benmouna-abogada-inmigracion\\\/#primaryimage\"},\"image\":{\"@id\":\"https:\\\/\\\/loigica.com\\\/es\\\/loigica-3\\\/nuestros-abogados\\\/sara-benmouna-abogada-inmigracion\\\/#primaryimage\"},\"thumbnailUrl\":\"https:\\\/\\\/loigica.com\\\/es\\\/wp-content\\\/uploads\\\/sara_benmouna_LOIGICA-1-1-1-1.png\",\"datePublished\":\"2023-04-11T16:47:25+00:00\",\"dateModified\":\"2026-04-23T13:59:31+00:00\",\"description\":\"Sara Benmouna es abogada de inmigraci\u00f3n francesa, con experiencia en visas, negocios y certificaciones PERM para clientes internacionales.\",\"breadcrumb\":{\"@id\":\"https:\\\/\\\/loigica.com\\\/es\\\/loigica-3\\\/nuestros-abogados\\\/sara-benmouna-abogada-inmigracion\\\/#breadcrumb\"},\"inLanguage\":\"es\",\"potentialAction\":[{\"@type\":\"ReadAction\",\"target\":[\"https:\\\/\\\/loigica.com\\\/es\\\/loigica-3\\\/nuestros-abogados\\\/sara-benmouna-abogada-inmigracion\\\/\"]}]},{\"@type\":\"ImageObject\",\"inLanguage\":\"es\",\"@id\":\"https:\\\/\\\/loigica.com\\\/es\\\/loigica-3\\\/nuestros-abogados\\\/sara-benmouna-abogada-inmigracion\\\/#primaryimage\",\"url\":\"https:\\\/\\\/loigica.com\\\/es\\\/wp-content\\\/uploads\\\/sara_benmouna_LOIGICA-1-1-1-1.png\",\"contentUrl\":\"https:\\\/\\\/loigica.com\\\/es\\\/wp-content\\\/uploads\\\/sara_benmouna_LOIGICA-1-1-1-1.png\",\"width\":1080,\"height\":1290,\"caption\":\"Sara Benmouna\"},{\"@type\":\"BreadcrumbList\",\"@id\":\"https:\\\/\\\/loigica.com\\\/es\\\/loigica-3\\\/nuestros-abogados\\\/sara-benmouna-abogada-inmigracion\\\/#breadcrumb\",\"itemListElement\":[{\"@type\":\"ListItem\",\"position\":1,\"name\":\"LOIGICA\",\"item\":\"https:\\\/\\\/loigica.com\\\/es\\\/loigica-3\\\/\"},{\"@type\":\"ListItem\",\"position\":2,\"name\":\"Nuestros abogados\",\"item\":\"https:\\\/\\\/loigica.com\\\/es\\\/loigica-3\\\/nuestros-abogados\\\/\"},{\"@type\":\"ListItem\",\"position\":3,\"name\":\"Sara Benmouna | Abogada Principal LOIGICA\"}]},{\"@type\":\"WebSite\",\"@id\":\"https:\\\/\\\/loigica.com\\\/es\\\/#website\",\"url\":\"https:\\\/\\\/loigica.com\\\/es\\\/\",\"name\":\"Loigica\",\"description\":\"Abogados de Negocios e Inmigraci\u00f3n | USA - LATAM\",\"publisher\":{\"@id\":\"https:\\\/\\\/loigica.com\\\/es\\\/#organization\"},\"potentialAction\":[{\"@type\":\"SearchAction\",\"target\":{\"@type\":\"EntryPoint\",\"urlTemplate\":\"https:\\\/\\\/loigica.com\\\/es\\\/?s={search_term_string}\"},\"query-input\":{\"@type\":\"PropertyValueSpecification\",\"valueRequired\":true,\"valueName\":\"search_term_string\"}}],\"inLanguage\":\"es\"},{\"@type\":\"Organization\",\"@id\":\"https:\\\/\\\/loigica.com\\\/es\\\/#organization\",\"name\":\"Loigica\",\"alternateName\":\"Loigica Immigration Attorneys\",\"url\":\"https:\\\/\\\/loigica.com\\\/es\\\/\",\"logo\":{\"@type\":\"ImageObject\",\"inLanguage\":\"es\",\"@id\":\"https:\\\/\\\/loigica.com\\\/es\\\/#\\\/schema\\\/logo\\\/image\\\/\",\"url\":\"https:\\\/\\\/loigica.com\\\/es\\\/wp-content\\\/uploads\\\/cropped-Loigica-Silver.png\",\"contentUrl\":\"https:\\\/\\\/loigica.com\\\/es\\\/wp-content\\\/uploads\\\/cropped-Loigica-Silver.png\",\"width\":369,\"height\":317,\"caption\":\"Loigica\"},\"image\":{\"@id\":\"https:\\\/\\\/loigica.com\\\/es\\\/#\\\/schema\\\/logo\\\/image\\\/\"},\"sameAs\":[\"https:\\\/\\\/www.facebook.com\\\/loigica\\\/\",\"https:\\\/\\\/x.com\\\/Loigica\",\"https:\\\/\\\/www.instagram.com\\\/loigica\\\/\",\"https:\\\/\\\/www.youtube.com\\\/@Loigica\\\/\"]}]}<\/script>\n<!-- \/ Yoast SEO plugin. -->","yoast_head_json":{"title":"Sara Benmouna | Abogada Principal LOIGICA","description":"Sara Benmouna es abogada de inmigraci\u00f3n francesa, con experiencia en visas, negocios y certificaciones PERM para clientes internacionales.","robots":{"index":"index","follow":"follow","max-snippet":"max-snippet:-1","max-image-preview":"max-image-preview:large","max-video-preview":"max-video-preview:-1"},"canonical":"https:\/\/loigica.com\/es\/loigica-3\/nuestros-abogados\/sara-benmouna-abogada-inmigracion\/","og_locale":"es_ES","og_type":"article","og_title":"Sara Benmouna | Abogada Principal LOIGICA","og_description":"Sara Benmouna es abogada de inmigraci\u00f3n francesa, con experiencia en visas, negocios y certificaciones PERM para clientes internacionales.","og_url":"https:\/\/loigica.com\/es\/loigica-3\/nuestros-abogados\/sara-benmouna-abogada-inmigracion\/","og_site_name":"Loigica","article_publisher":"https:\/\/www.facebook.com\/loigica\/","article_modified_time":"2026-04-23T13:59:31+00:00","og_image":[{"width":1080,"height":1290,"url":"https:\/\/loigica.com\/es\/wp-content\/uploads\/sara_benmouna_LOIGICA-1-1-1-1.png","type":"image\/png"}],"twitter_card":"summary_large_image","twitter_site":"@Loigica","twitter_misc":{"Tiempo de lectura":"2 minutos"},"schema":{"@context":"https:\/\/schema.org","@graph":[{"@type":"WebPage","@id":"https:\/\/loigica.com\/es\/loigica-3\/nuestros-abogados\/sara-benmouna-abogada-inmigracion\/","url":"https:\/\/loigica.com\/es\/loigica-3\/nuestros-abogados\/sara-benmouna-abogada-inmigracion\/","name":"Sara Benmouna | Abogada Principal LOIGICA","isPartOf":{"@id":"https:\/\/loigica.com\/es\/#website"},"primaryImageOfPage":{"@id":"https:\/\/loigica.com\/es\/loigica-3\/nuestros-abogados\/sara-benmouna-abogada-inmigracion\/#primaryimage"},"image":{"@id":"https:\/\/loigica.com\/es\/loigica-3\/nuestros-abogados\/sara-benmouna-abogada-inmigracion\/#primaryimage"},"thumbnailUrl":"https:\/\/loigica.com\/es\/wp-content\/uploads\/sara_benmouna_LOIGICA-1-1-1-1.png","datePublished":"2023-04-11T16:47:25+00:00","dateModified":"2026-04-23T13:59:31+00:00","description":"Sara Benmouna es abogada de inmigraci\u00f3n francesa, con experiencia en visas, negocios y certificaciones PERM para clientes internacionales.","breadcrumb":{"@id":"https:\/\/loigica.com\/es\/loigica-3\/nuestros-abogados\/sara-benmouna-abogada-inmigracion\/#breadcrumb"},"inLanguage":"es","potentialAction":[{"@type":"ReadAction","target":["https:\/\/loigica.com\/es\/loigica-3\/nuestros-abogados\/sara-benmouna-abogada-inmigracion\/"]}]},{"@type":"ImageObject","inLanguage":"es","@id":"https:\/\/loigica.com\/es\/loigica-3\/nuestros-abogados\/sara-benmouna-abogada-inmigracion\/#primaryimage","url":"https:\/\/loigica.com\/es\/wp-content\/uploads\/sara_benmouna_LOIGICA-1-1-1-1.png","contentUrl":"https:\/\/loigica.com\/es\/wp-content\/uploads\/sara_benmouna_LOIGICA-1-1-1-1.png","width":1080,"height":1290,"caption":"Sara Benmouna"},{"@type":"BreadcrumbList","@id":"https:\/\/loigica.com\/es\/loigica-3\/nuestros-abogados\/sara-benmouna-abogada-inmigracion\/#breadcrumb","itemListElement":[{"@type":"ListItem","position":1,"name":"LOIGICA","item":"https:\/\/loigica.com\/es\/loigica-3\/"},{"@type":"ListItem","position":2,"name":"Nuestros abogados","item":"https:\/\/loigica.com\/es\/loigica-3\/nuestros-abogados\/"},{"@type":"ListItem","position":3,"name":"Sara Benmouna | Abogada Principal LOIGICA"}]},{"@type":"WebSite","@id":"https:\/\/loigica.com\/es\/#website","url":"https:\/\/loigica.com\/es\/","name":"Loigica","description":"Abogados de Negocios e Inmigraci\u00f3n | USA - LATAM","publisher":{"@id":"https:\/\/loigica.com\/es\/#organization"},"potentialAction":[{"@type":"SearchAction","target":{"@type":"EntryPoint","urlTemplate":"https:\/\/loigica.com\/es\/?s={search_term_string}"},"query-input":{"@type":"PropertyValueSpecification","valueRequired":true,"valueName":"search_term_string"}}],"inLanguage":"es"},{"@type":"Organization","@id":"https:\/\/loigica.com\/es\/#organization","name":"Loigica","alternateName":"Loigica Immigration Attorneys","url":"https:\/\/loigica.com\/es\/","logo":{"@type":"ImageObject","inLanguage":"es","@id":"https:\/\/loigica.com\/es\/#\/schema\/logo\/image\/","url":"https:\/\/loigica.com\/es\/wp-content\/uploads\/cropped-Loigica-Silver.png","contentUrl":"https:\/\/loigica.com\/es\/wp-content\/uploads\/cropped-Loigica-Silver.png","width":369,"height":317,"caption":"Loigica"},"image":{"@id":"https:\/\/loigica.com\/es\/#\/schema\/logo\/image\/"},"sameAs":["https:\/\/www.facebook.com\/loigica\/","https:\/\/x.com\/Loigica","https:\/\/www.instagram.com\/loigica\/","https:\/\/www.youtube.com\/@Loigica\/"]}]}},"_links":{"self":[{"href":"https:\/\/loigica.com\/es\/wp-json\/wp\/v2\/pages\/6153","targetHints":{"allow":["GET"]}}],"collection":[{"href":"https:\/\/loigica.com\/es\/wp-json\/wp\/v2\/pages"}],"about":[{"href":"https:\/\/loigica.com\/es\/wp-json\/wp\/v2\/types\/page"}],"author":[{"embeddable":true,"href":"https:\/\/loigica.com\/es\/wp-json\/wp\/v2\/users\/19"}],"replies":[{"embeddable":true,"href":"https:\/\/loigica.com\/es\/wp-json\/wp\/v2\/comments?post=6153"}],"version-history":[{"count":63,"href":"https:\/\/loigica.com\/es\/wp-json\/wp\/v2\/pages\/6153\/revisions"}],"predecessor-version":[{"id":23404,"href":"https:\/\/loigica.com\/es\/wp-json\/wp\/v2\/pages\/6153\/revisions\/23404"}],"up":[{"embeddable":true,"href":"https:\/\/loigica.com\/es\/wp-json\/wp\/v2\/pages\/6013"}],"wp:featuredmedia":[{"embeddable":true,"href":"https:\/\/loigica.com\/es\/wp-json\/wp\/v2\/media\/20612"}],"wp:attachment":[{"href":"https:\/\/loigica.com\/es\/wp-json\/wp\/v2\/media?parent=6153"}],"curies":[{"name":"wp","href":"https:\/\/api.w.org\/{rel}","templated":true}]}}