{"id":6199,"date":"2023-04-11T13:41:59","date_gmt":"2023-04-11T17:41:59","guid":{"rendered":"https:\/\/loigica.com\/?page_id=6199"},"modified":"2026-04-23T09:33:03","modified_gmt":"2026-04-23T13:33:03","slug":"camilo-espinosa-abogado-inmigracion","status":"publish","type":"page","link":"https:\/\/loigica.com\/es\/loigica-3\/nuestros-abogados\/camilo-espinosa-abogado-inmigracion\/","title":{"rendered":"Camilo Espinosa abogado de inmigraci\u00f3n | Co-fundador LOIGICA"},"content":{"rendered":"\t\t<div data-elementor-type=\"wp-page\" data-elementor-id=\"6199\" class=\"elementor elementor-6199\" data-elementor-post-type=\"page\">\n\t\t\t\t<div class=\"elementor-element elementor-element-acda5ff e-flex e-con-boxed e-con e-parent\" data-id=\"acda5ff\" data-element_type=\"container\" data-e-type=\"container\" data-settings=\"{&quot;background_background&quot;:&quot;classic&quot;}\">\n\t\t\t\t\t<div class=\"e-con-inner\">\n\t\t<div class=\"elementor-element elementor-element-f5d030a e-con-full e-flex e-con e-child\" data-id=\"f5d030a\" data-element_type=\"container\" data-e-type=\"container\">\n\t\t\t\t<div class=\"elementor-element elementor-element-6ad305b elementor-widget elementor-widget-elementskit-heading\" data-id=\"6ad305b\" data-element_type=\"widget\" data-e-type=\"widget\" data-widget_type=\"elementskit-heading.default\">\n\t\t\t\t<div class=\"elementor-widget-container\">\n\t\t\t\t\t<div class=\"ekit-wid-con\" ><div class=\"ekit-heading elementskit-section-title-wraper text_left   ekit_heading_tablet-   ekit_heading_mobile-\"><h2 class=\"ekit-heading--title elementskit-section-title \"><span><span>Camilo Espinosa<\/span><\/span> Abogado Gerente<\/h2>\t\t\t\t<div class='ekit-heading__description'>\n\t\t\t\t\t<div class=\"\">\n\n<div class=\"text-base my-auto mx-auto pb-10 [--thread-content-margin:var(--thread-content-margin-xs,calc(var(--spacing)*4))] @w-sm\/main:[--thread-content-margin:var(--thread-content-margin-sm,calc(var(--spacing)*6))] @w-lg\/main:[--thread-content-margin:var(--thread-content-margin-lg,calc(var(--spacing)*16))] px-(--thread-content-margin)\">\n<div class=\"[--thread-content-max-width:40rem] @w-lg\/main:[--thread-content-max-width:48rem] mx-auto max-w-(--thread-content-max-width) flex-1 group\/turn-messages focus-visible:outline-hidden relative flex w-full min-w-0 flex-col agent-turn\">\n<div class=\"flex max-w-full flex-col gap-4 grow\">\n<div class=\"min-h-8 text-message relative flex w-full flex-col items-end gap-2 text-start break-words whitespace-normal outline-none keyboard-focused:focus-ring [.text-message+&amp;]:mt-1\">\n<div class=\"flex w-full flex-col gap-1 empty:hidden\">\n<div class=\"markdown prose dark:prose-invert w-full wrap-break-word dark markdown-new-styling\">\n<p>Camilo Espinosa es un abogado de inmigraci\u00f3n colombiano que se ha consolidado como uno de los principales expertos en su campo en Miami. Cuenta con amplia experiencia en visas de inversi\u00f3n y negocios, como la EB-5 y la E-2, y ha representado a empresas, clientes corporativos e individuos, tanto estadounidenses como extranjeros, en una gran variedad de casos de inmigraci\u00f3n.<\/p>\n<p>\u00a0<\/p>\n<\/div>\n<\/div>\n<\/div>\n<\/div>\n<\/div>\n<\/div>\n\n<\/div>\n\t\t\t\t<\/div>\n\t\t\t<div class=\"ekit_heading_separetor_wraper ekit_heading_elementskit-border-divider ekit-dotted\"><div class=\"elementskit-border-divider ekit-dotted\"><\/div><\/div><\/div><\/div>\t\t\t\t<\/div>\n\t\t\t\t<\/div>\n\t\t<div class=\"elementor-element elementor-element-c17a6f8 e-con-full e-flex e-con e-child\" data-id=\"c17a6f8\" data-element_type=\"container\" data-e-type=\"container\">\n\t\t\t\t<div class=\"elementor-element elementor-element-a7c4e56 elementor-align-center elementor-widget elementor-widget-elementskit-button\" data-id=\"a7c4e56\" data-element_type=\"widget\" data-e-type=\"widget\" data-widget_type=\"elementskit-button.default\">\n\t\t\t\t<div class=\"elementor-widget-container\">\n\t\t\t\t\t<div class=\"ekit-wid-con\" >\t\t<div class=\"ekit-btn-wraper\">\n\t\t\t\t\t\t\t<a href=\"#form\" class=\"elementskit-btn  whitespace--normal\" id=\"\">\n\t\t\t\t\tContacta con un abogado ahora\t\t\t\t<\/a>\n\t\t\t\t\t<\/div>\n        <\/div>\t\t\t\t<\/div>\n\t\t\t\t<\/div>\n\t\t\t\t<div class=\"elementor-element elementor-element-0979e29 elementor-align-center elementor-widget elementor-widget-elementskit-button\" data-id=\"0979e29\" data-element_type=\"widget\" data-e-type=\"widget\" data-widget_type=\"elementskit-button.default\">\n\t\t\t\t<div class=\"elementor-widget-container\">\n\t\t\t\t\t<div class=\"ekit-wid-con\" >\t\t<div class=\"ekit-btn-wraper\">\n\t\t\t\t\t\t\t<a href=\"https:\/\/loigica.com\/about-loigica\/team\/attorney-camilo-espinosa\/\" class=\"elementskit-btn  whitespace--normal\" id=\"\">\n\t\t\t\t\t<i class=\"fas fa-globe\"><\/i>Ingl\u00e9s\t\t\t\t<\/a>\n\t\t\t\t\t<\/div>\n        <\/div>\t\t\t\t<\/div>\n\t\t\t\t<\/div>\n\t\t\t\t<\/div>\n\t\t\t\t<\/div>\n\t\t\t\t<div class=\"elementor-element elementor-element-13808f6 elementor-widget elementor-widget-image\" data-id=\"13808f6\" data-element_type=\"widget\" data-e-type=\"widget\" data-widget_type=\"image.default\">\n\t\t\t\t<div class=\"elementor-widget-container\">\n\t\t\t\t\t\t\t\t\t\t\t\t\t\t\t<img fetchpriority=\"high\" decoding=\"async\" width=\"768\" height=\"927\" src=\"https:\/\/loigica.com\/es\/wp-content\/uploads\/wmremove-transformed-3-768x927.png\" class=\"attachment-medium_large size-medium_large wp-image-22272\" alt=\"Camilo Espinosa - Abogado de inmigraci\u00f3n en LOIGICA\" srcset=\"https:\/\/loigica.com\/es\/wp-content\/uploads\/wmremove-transformed-3-768x927.png 768w, https:\/\/loigica.com\/es\/wp-content\/uploads\/wmremove-transformed-3-249x300.png 249w, https:\/\/loigica.com\/es\/wp-content\/uploads\/wmremove-transformed-3-848x1024.png 848w, https:\/\/loigica.com\/es\/wp-content\/uploads\/wmremove-transformed-3.png 928w\" sizes=\"(max-width: 768px) 100vw, 768px\" \/>\t\t\t\t\t\t\t\t\t\t\t\t\t\t\t<\/div>\n\t\t\t\t<\/div>\n\t\t\t\t\t<\/div>\n\t\t\t\t<\/div>\n\t\t<div class=\"elementor-element elementor-element-3b91bee e-flex e-con-boxed e-con e-parent\" data-id=\"3b91bee\" data-element_type=\"container\" data-e-type=\"container\">\n\t\t\t\t\t<div class=\"e-con-inner\">\n\t\t\t\t<div class=\"elementor-element elementor-element-89666c1 elementor-widget__width-auto elementor-widget elementor-widget-elementskit-heading\" data-id=\"89666c1\" data-element_type=\"widget\" data-e-type=\"widget\" data-widget_type=\"elementskit-heading.default\">\n\t\t\t\t<div class=\"elementor-widget-container\">\n\t\t\t\t\t<div class=\"ekit-wid-con\" ><div class=\"ekit-heading elementskit-section-title-wraper text_left   ekit_heading_tablet-   ekit_heading_mobile-\"><div class=\"ekit_heading_separetor_wraper ekit_heading_elementskit-border-divider ekit-dotted\"><div class=\"elementskit-border-divider ekit-dotted\"><\/div><\/div><h2 class=\"ekit-heading--title elementskit-section-title \">Sobre <span><span>Camilo Espinosa<\/span><\/span><\/h2><\/div><\/div>\t\t\t\t<\/div>\n\t\t\t\t<\/div>\n\t\t\t\t<div class=\"elementor-element elementor-element-1337ce8 elementor-widget__width-inherit elementor-widget elementor-widget-text-editor\" data-id=\"1337ce8\" data-element_type=\"widget\" data-e-type=\"widget\" data-widget_type=\"text-editor.default\">\n\t\t\t\t<div class=\"elementor-widget-container\">\n\t\t\t\t\t\t\t\t\t<p data-start=\"179\" data-end=\"453\"><strong data-start=\"179\" data-end=\"198\">Camilo Espinosa<\/strong> se gradu\u00f3 de la <strong data-start=\"215\" data-end=\"242\">Universidad de Nebraska<\/strong> en <strong data-start=\"246\" data-end=\"280\">Ciencias Pol\u00edticas y Marketing<\/strong>, estudios que pudo realizar gracias a una <strong data-start=\"323\" data-end=\"340\">beca de tenis<\/strong>. M\u00e1s adelante, complet\u00f3 sus estudios de <strong data-start=\"381\" data-end=\"392\">Derecho<\/strong> en <strong data-start=\"396\" data-end=\"428\">Nova Southeastern University<\/strong>, en <strong data-start=\"433\" data-end=\"452\">Fort Lauderdale<\/strong>.<\/p><p data-start=\"179\" data-end=\"453\">\u00a0<\/p><p data-start=\"455\" data-end=\"693\">Desde entonces,\u00a0ha dedicado m\u00e1s de una d\u00e9cada a la pr\u00e1ctica del <strong data-start=\"539\" data-end=\"562\">derecho corporativo<\/strong> y <strong data-start=\"565\" data-end=\"579\">migratorio<\/strong>. Gracias a esa trayectoria, se convirti\u00f3 en <strong data-start=\"624\" data-end=\"658\">accionista fundador de LOIGICA<\/strong> junto al abogado <span style=\"color: #0a1e36;\"><a style=\"color: #0a1e36;\" href=\"https:\/\/loigica.com\/es\/loigica-3\/nuestros-abogados\/harry-tapias-abogado-inmigracion\/\" target=\"_blank\" rel=\"noopener\"><strong data-start=\"676\" data-end=\"692\">Harry Tapias<\/strong><\/a><\/span>.<\/p><p data-start=\"455\" data-end=\"693\">\u00a0<\/p><p data-start=\"695\" data-end=\"1065\">Adem\u00e1s,\u00a0es miembro activo de <strong data-start=\"744\" data-end=\"752\">AILA<\/strong> y voluntario en diversas organizaciones. Por eso, siempre ha encontrado formas de apoyar a la comunidad del <strong data-start=\"861\" data-end=\"879\">Sur de Florida<\/strong>. Asimismo, ha representado a empleadores ante <strong data-start=\"926\" data-end=\"933\">ICE<\/strong> en procesos de <strong data-start=\"949\" data-end=\"963\">auditor\u00edas<\/strong> y <strong data-start=\"966\" data-end=\"983\">negociaciones<\/strong>, lo que refleja su compromiso con la protecci\u00f3n y el crecimiento de sus clientes.<\/p><p data-start=\"695\" data-end=\"1065\">\u00a0<\/p><p data-start=\"1067\" data-end=\"1334\">A lo largo de su carrera, <strong data-start=\"1093\" data-end=\"1112\">Camilo Espinosa<\/strong> ha acompa\u00f1ado a una amplia variedad de clientes en todo el espectro de <strong data-start=\"1184\" data-end=\"1241\">procesos migratorios y corporativos en Estados Unidos<\/strong>. Su experiencia le permite brindar un enfoque estrat\u00e9gico, cercano y orientado a resultados.<\/p><p data-start=\"1067\" data-end=\"1334\">\u00a0<\/p><p data-start=\"1336\" data-end=\"1524\">Por \u00faltimo, su visi\u00f3n para <strong data-start=\"1386\" data-end=\"1397\">LOIGICA<\/strong> es convertirla en una de las <strong data-start=\"1427\" data-end=\"1483\">firmas de abogados de inmigraci\u00f3n l\u00edderes en Florida<\/strong>. Habla fluidamente <strong data-start=\"1503\" data-end=\"1523\">ingl\u00e9s y espa\u00f1ol<\/strong>.<\/p>\t\t\t\t\t\t\t\t<\/div>\n\t\t\t\t<\/div>\n\t\t\t\t\t<\/div>\n\t\t\t\t<\/div>\n\t\t<div class=\"elementor-element elementor-element-d55bf9c e-flex e-con-boxed e-con e-parent\" data-id=\"d55bf9c\" data-element_type=\"container\" data-e-type=\"container\" data-settings=\"{&quot;background_background&quot;:&quot;classic&quot;}\">\n\t\t\t\t\t<div class=\"e-con-inner\">\n\t\t\t\t<div class=\"elementor-element elementor-element-3bfeef7 elementor-widget elementor-widget-heading\" data-id=\"3bfeef7\" data-element_type=\"widget\" data-e-type=\"widget\" data-widget_type=\"heading.default\">\n\t\t\t\t<div class=\"elementor-widget-container\">\n\t\t\t\t\t<h3 class=\"elementor-heading-title elementor-size-default\">Sigue a Camilo en sus redes sociales y conoce m\u00e1s sobre \u00e9l.<\/h3>\t\t\t\t<\/div>\n\t\t\t\t<\/div>\n\t\t\t\t<div class=\"elementor-element elementor-element-0278e1d e-grid-align-mobile-center e-grid-align-tablet-center elementor-shape-rounded elementor-grid-0 e-grid-align-center elementor-widget elementor-widget-social-icons\" data-id=\"0278e1d\" data-element_type=\"widget\" data-e-type=\"widget\" data-widget_type=\"social-icons.default\">\n\t\t\t\t<div class=\"elementor-widget-container\">\n\t\t\t\t\t\t\t<div class=\"elementor-social-icons-wrapper elementor-grid\" role=\"list\">\n\t\t\t\t\t\t\t<span class=\"elementor-grid-item\" role=\"listitem\">\n\t\t\t\t\t<a class=\"elementor-icon elementor-social-icon elementor-social-icon-icon-linkedin elementor-animation-grow elementor-repeater-item-9929010\" href=\"https:\/\/www.linkedin.com\/in\/camiloaespinosa\/\" target=\"_blank\">\n\t\t\t\t\t\t<span class=\"elementor-screen-only\">Icon-linkedin<\/span>\n\t\t\t\t\t\t<i aria-hidden=\"true\" class=\"icon icon-linkedin\"><\/i>\t\t\t\t\t<\/a>\n\t\t\t\t<\/span>\n\t\t\t\t\t\t\t<span class=\"elementor-grid-item\" role=\"listitem\">\n\t\t\t\t\t<a class=\"elementor-icon elementor-social-icon elementor-social-icon-instagram elementor-animation-grow elementor-repeater-item-3023161\" href=\"https:\/\/www.instagram.com\/attorney.camilo\/\" target=\"_blank\">\n\t\t\t\t\t\t<span class=\"elementor-screen-only\">Instagram<\/span>\n\t\t\t\t\t\t<i aria-hidden=\"true\" class=\"fab fa-instagram\"><\/i>\t\t\t\t\t<\/a>\n\t\t\t\t<\/span>\n\t\t\t\t\t<\/div>\n\t\t\t\t\t\t<\/div>\n\t\t\t\t<\/div>\n\t\t\t\t\t<\/div>\n\t\t\t\t<\/div>\n\t\t<div class=\"elementor-element elementor-element-0ebbf4d e-con-full e-flex e-con e-parent\" data-id=\"0ebbf4d\" data-element_type=\"container\" data-e-type=\"container\" id=\"form\">\n\t\t<div class=\"elementor-element elementor-element-0a08b75 e-con-full e-flex e-con e-child\" data-id=\"0a08b75\" data-element_type=\"container\" data-e-type=\"container\" data-settings=\"{&quot;background_background&quot;:&quot;classic&quot;}\">\n\t\t\t\t<div class=\"elementor-element elementor-element-d1e3463 elementor-widget__width-inherit elementor-widget elementor-widget-heading\" data-id=\"d1e3463\" data-element_type=\"widget\" data-e-type=\"widget\" data-widget_type=\"heading.default\">\n\t\t\t\t<div class=\"elementor-widget-container\">\n\t\t\t\t\t<h2 class=\"elementor-heading-title elementor-size-default\">Obt\u00e9n asesor\u00eda legal para tu proceso<\/h2>\t\t\t\t<\/div>\n\t\t\t\t<\/div>\n\t\t\t\t<div class=\"elementor-element elementor-element-2d1332b elementor-widget elementor-widget-text-editor\" data-id=\"2d1332b\" data-element_type=\"widget\" data-e-type=\"widget\" data-widget_type=\"text-editor.default\">\n\t\t\t\t<div class=\"elementor-widget-container\">\n\t\t\t\t\t\t\t\t\t<p>Contacta con el Abogado Gerente de inmigraci\u00f3n Camilo Espinosa y empieza tu proceso de inmigraci\u00f3n hoy mismo con Camilo y su equipo de abogados y profesionales expertos.<\/p>\t\t\t\t\t\t\t\t<\/div>\n\t\t\t\t<\/div>\n\t\t\t\t<\/div>\n\t\t<div class=\"elementor-element elementor-element-4d6da9e e-con-full e-flex e-con e-child\" data-id=\"4d6da9e\" data-element_type=\"container\" data-e-type=\"container\" data-settings=\"{&quot;background_background&quot;:&quot;classic&quot;}\">\n\t\t\t\t<div class=\"elementor-element elementor-element-027134c elementor-widget elementor-widget-hubspot-form\" data-id=\"027134c\" data-element_type=\"widget\" data-e-type=\"widget\" data-widget_type=\"hubspot-form.default\">\n\t\t\t\t<div class=\"elementor-widget-container\">\n\t\t\t\t\t\n\t\t\t\t\t\t<script>\n\t\t\t\t\t\t\twindow.hsFormsOnReady = window.hsFormsOnReady || [];\n\t\t\t\t\t\t\twindow.hsFormsOnReady.push(()=>{\n\t\t\t\t\t\t\t\thbspt.forms.create({\n\t\t\t\t\t\t\t\t\tportalId: 1653096,\n\t\t\t\t\t\t\t\t\tformId: \"b9943b6a-96e6-460e-a8ff-e03eb8d791bb\",\n\t\t\t\t\t\t\t\t\ttarget: \"#hbspt-form-1777572670000-8160029159\",\n\t\t\t\t\t\t\t\t\tregion: \"na1\",\n\t\t\t\t\t\t\t\t\t\n\t\t\t\t\t\t\t})});\n\t\t\t\t\t\t<\/script>\n\t\t\t\t\t\t<div class=\"hbspt-form\" id=\"hbspt-form-1777572670000-8160029159\"><\/div>\t\t\t\t<\/div>\n\t\t\t\t<\/div>\n\t\t\t\t<\/div>\n\t\t\t\t<\/div>\n\t\t\t\t<\/div>\n\t\t","protected":false},"excerpt":{"rendered":"<p>Camilo Espinosa abogado de inmigraci\u00f3n colombiano que ha logrado establecerse como uno de los principales expertos en su campo en Miami.<\/p>\n","protected":false},"author":19,"featured_media":22272,"parent":6013,"menu_order":0,"comment_status":"closed","ping_status":"closed","template":"","meta":{"content-type":"","footnotes":""},"class_list":["post-6199","page","type-page","status-publish","has-post-thumbnail","hentry"],"yoast_head":"<!-- This site is optimized with the Yoast SEO plugin v27.5 - https:\/\/yoast.com\/product\/yoast-seo-wordpress\/ -->\n<title>Camilo Espinosa abogado de inmigraci\u00f3n | Co-fundador LOIGICA<\/title>\n<meta name=\"description\" content=\"Camilo Espinosa abogado de inmigraci\u00f3n colombiano que ha logrado establecerse como uno de los principales expertos en su campo en Miami.\" \/>\n<meta name=\"robots\" content=\"index, follow, max-snippet:-1, max-image-preview:large, max-video-preview:-1\" \/>\n<link rel=\"canonical\" href=\"https:\/\/loigica.com\/es\/loigica-3\/nuestros-abogados\/camilo-espinosa-abogado-inmigracion\/\" \/>\n<meta property=\"og:locale\" content=\"es_ES\" \/>\n<meta property=\"og:type\" content=\"article\" \/>\n<meta property=\"og:title\" content=\"Camilo Espinosa abogado de inmigraci\u00f3n | Co-fundador LOIGICA\" \/>\n<meta property=\"og:description\" content=\"Camilo Espinosa abogado de inmigraci\u00f3n colombiano que ha logrado establecerse como uno de los principales expertos en su campo en Miami.\" \/>\n<meta property=\"og:url\" content=\"https:\/\/loigica.com\/es\/loigica-3\/nuestros-abogados\/camilo-espinosa-abogado-inmigracion\/\" \/>\n<meta property=\"og:site_name\" content=\"Loigica\" \/>\n<meta property=\"article:publisher\" content=\"https:\/\/www.facebook.com\/loigica\/\" \/>\n<meta property=\"article:modified_time\" content=\"2026-04-23T13:33:03+00:00\" \/>\n<meta property=\"og:image\" content=\"https:\/\/loigica.com\/es\/wp-content\/uploads\/wmremove-transformed-3.png\" \/>\n\t<meta property=\"og:image:width\" content=\"928\" \/>\n\t<meta property=\"og:image:height\" content=\"1120\" \/>\n\t<meta property=\"og:image:type\" content=\"image\/png\" \/>\n<meta name=\"twitter:card\" content=\"summary_large_image\" \/>\n<meta name=\"twitter:site\" content=\"@Loigica\" \/>\n<meta name=\"twitter:label1\" content=\"Tiempo de lectura\" \/>\n\t<meta name=\"twitter:data1\" content=\"2 minutos\" \/>\n<script type=\"application\/ld+json\" class=\"yoast-schema-graph\">{\"@context\":\"https:\\\/\\\/schema.org\",\"@graph\":[{\"@type\":\"WebPage\",\"@id\":\"https:\\\/\\\/loigica.com\\\/es\\\/loigica-3\\\/nuestros-abogados\\\/camilo-espinosa-abogado-inmigracion\\\/\",\"url\":\"https:\\\/\\\/loigica.com\\\/es\\\/loigica-3\\\/nuestros-abogados\\\/camilo-espinosa-abogado-inmigracion\\\/\",\"name\":\"Camilo Espinosa abogado de inmigraci\u00f3n | Co-fundador LOIGICA\",\"isPartOf\":{\"@id\":\"https:\\\/\\\/loigica.com\\\/es\\\/#website\"},\"primaryImageOfPage\":{\"@id\":\"https:\\\/\\\/loigica.com\\\/es\\\/loigica-3\\\/nuestros-abogados\\\/camilo-espinosa-abogado-inmigracion\\\/#primaryimage\"},\"image\":{\"@id\":\"https:\\\/\\\/loigica.com\\\/es\\\/loigica-3\\\/nuestros-abogados\\\/camilo-espinosa-abogado-inmigracion\\\/#primaryimage\"},\"thumbnailUrl\":\"https:\\\/\\\/loigica.com\\\/es\\\/wp-content\\\/uploads\\\/wmremove-transformed-3.png\",\"datePublished\":\"2023-04-11T17:41:59+00:00\",\"dateModified\":\"2026-04-23T13:33:03+00:00\",\"description\":\"Camilo Espinosa abogado de inmigraci\u00f3n colombiano que ha logrado establecerse como uno de los principales expertos en su campo en Miami.\",\"breadcrumb\":{\"@id\":\"https:\\\/\\\/loigica.com\\\/es\\\/loigica-3\\\/nuestros-abogados\\\/camilo-espinosa-abogado-inmigracion\\\/#breadcrumb\"},\"inLanguage\":\"es\",\"potentialAction\":[{\"@type\":\"ReadAction\",\"target\":[\"https:\\\/\\\/loigica.com\\\/es\\\/loigica-3\\\/nuestros-abogados\\\/camilo-espinosa-abogado-inmigracion\\\/\"]}]},{\"@type\":\"ImageObject\",\"inLanguage\":\"es\",\"@id\":\"https:\\\/\\\/loigica.com\\\/es\\\/loigica-3\\\/nuestros-abogados\\\/camilo-espinosa-abogado-inmigracion\\\/#primaryimage\",\"url\":\"https:\\\/\\\/loigica.com\\\/es\\\/wp-content\\\/uploads\\\/wmremove-transformed-3.png\",\"contentUrl\":\"https:\\\/\\\/loigica.com\\\/es\\\/wp-content\\\/uploads\\\/wmremove-transformed-3.png\",\"width\":928,\"height\":1120,\"caption\":\"Camilo Espinosa - Abogado de inmigraci\u00f3n en LOIGICA\"},{\"@type\":\"BreadcrumbList\",\"@id\":\"https:\\\/\\\/loigica.com\\\/es\\\/loigica-3\\\/nuestros-abogados\\\/camilo-espinosa-abogado-inmigracion\\\/#breadcrumb\",\"itemListElement\":[{\"@type\":\"ListItem\",\"position\":1,\"name\":\"LOIGICA\",\"item\":\"https:\\\/\\\/loigica.com\\\/es\\\/loigica-3\\\/\"},{\"@type\":\"ListItem\",\"position\":2,\"name\":\"Nuestros abogados\",\"item\":\"https:\\\/\\\/loigica.com\\\/es\\\/loigica-3\\\/nuestros-abogados\\\/\"},{\"@type\":\"ListItem\",\"position\":3,\"name\":\"Camilo Espinosa abogado de inmigraci\u00f3n | Co-fundador LOIGICA\"}]},{\"@type\":\"WebSite\",\"@id\":\"https:\\\/\\\/loigica.com\\\/es\\\/#website\",\"url\":\"https:\\\/\\\/loigica.com\\\/es\\\/\",\"name\":\"Loigica\",\"description\":\"Abogados de Negocios e Inmigraci\u00f3n | USA - LATAM\",\"publisher\":{\"@id\":\"https:\\\/\\\/loigica.com\\\/es\\\/#organization\"},\"potentialAction\":[{\"@type\":\"SearchAction\",\"target\":{\"@type\":\"EntryPoint\",\"urlTemplate\":\"https:\\\/\\\/loigica.com\\\/es\\\/?s={search_term_string}\"},\"query-input\":{\"@type\":\"PropertyValueSpecification\",\"valueRequired\":true,\"valueName\":\"search_term_string\"}}],\"inLanguage\":\"es\"},{\"@type\":\"Organization\",\"@id\":\"https:\\\/\\\/loigica.com\\\/es\\\/#organization\",\"name\":\"Loigica\",\"alternateName\":\"Loigica Immigration Attorneys\",\"url\":\"https:\\\/\\\/loigica.com\\\/es\\\/\",\"logo\":{\"@type\":\"ImageObject\",\"inLanguage\":\"es\",\"@id\":\"https:\\\/\\\/loigica.com\\\/es\\\/#\\\/schema\\\/logo\\\/image\\\/\",\"url\":\"https:\\\/\\\/loigica.com\\\/es\\\/wp-content\\\/uploads\\\/cropped-Loigica-Silver.png\",\"contentUrl\":\"https:\\\/\\\/loigica.com\\\/es\\\/wp-content\\\/uploads\\\/cropped-Loigica-Silver.png\",\"width\":369,\"height\":317,\"caption\":\"Loigica\"},\"image\":{\"@id\":\"https:\\\/\\\/loigica.com\\\/es\\\/#\\\/schema\\\/logo\\\/image\\\/\"},\"sameAs\":[\"https:\\\/\\\/www.facebook.com\\\/loigica\\\/\",\"https:\\\/\\\/x.com\\\/Loigica\",\"https:\\\/\\\/www.instagram.com\\\/loigica\\\/\",\"https:\\\/\\\/www.youtube.com\\\/@Loigica\\\/\"]}]}<\/script>\n<!-- \/ Yoast SEO plugin. -->","yoast_head_json":{"title":"Camilo Espinosa abogado de inmigraci\u00f3n | Co-fundador LOIGICA","description":"Camilo Espinosa abogado de inmigraci\u00f3n colombiano que ha logrado establecerse como uno de los principales expertos en su campo en Miami.","robots":{"index":"index","follow":"follow","max-snippet":"max-snippet:-1","max-image-preview":"max-image-preview:large","max-video-preview":"max-video-preview:-1"},"canonical":"https:\/\/loigica.com\/es\/loigica-3\/nuestros-abogados\/camilo-espinosa-abogado-inmigracion\/","og_locale":"es_ES","og_type":"article","og_title":"Camilo Espinosa abogado de inmigraci\u00f3n | Co-fundador LOIGICA","og_description":"Camilo Espinosa abogado de inmigraci\u00f3n colombiano que ha logrado establecerse como uno de los principales expertos en su campo en Miami.","og_url":"https:\/\/loigica.com\/es\/loigica-3\/nuestros-abogados\/camilo-espinosa-abogado-inmigracion\/","og_site_name":"Loigica","article_publisher":"https:\/\/www.facebook.com\/loigica\/","article_modified_time":"2026-04-23T13:33:03+00:00","og_image":[{"width":928,"height":1120,"url":"https:\/\/loigica.com\/es\/wp-content\/uploads\/wmremove-transformed-3.png","type":"image\/png"}],"twitter_card":"summary_large_image","twitter_site":"@Loigica","twitter_misc":{"Tiempo de lectura":"2 minutos"},"schema":{"@context":"https:\/\/schema.org","@graph":[{"@type":"WebPage","@id":"https:\/\/loigica.com\/es\/loigica-3\/nuestros-abogados\/camilo-espinosa-abogado-inmigracion\/","url":"https:\/\/loigica.com\/es\/loigica-3\/nuestros-abogados\/camilo-espinosa-abogado-inmigracion\/","name":"Camilo Espinosa abogado de inmigraci\u00f3n | Co-fundador LOIGICA","isPartOf":{"@id":"https:\/\/loigica.com\/es\/#website"},"primaryImageOfPage":{"@id":"https:\/\/loigica.com\/es\/loigica-3\/nuestros-abogados\/camilo-espinosa-abogado-inmigracion\/#primaryimage"},"image":{"@id":"https:\/\/loigica.com\/es\/loigica-3\/nuestros-abogados\/camilo-espinosa-abogado-inmigracion\/#primaryimage"},"thumbnailUrl":"https:\/\/loigica.com\/es\/wp-content\/uploads\/wmremove-transformed-3.png","datePublished":"2023-04-11T17:41:59+00:00","dateModified":"2026-04-23T13:33:03+00:00","description":"Camilo Espinosa abogado de inmigraci\u00f3n colombiano que ha logrado establecerse como uno de los principales expertos en su campo en Miami.","breadcrumb":{"@id":"https:\/\/loigica.com\/es\/loigica-3\/nuestros-abogados\/camilo-espinosa-abogado-inmigracion\/#breadcrumb"},"inLanguage":"es","potentialAction":[{"@type":"ReadAction","target":["https:\/\/loigica.com\/es\/loigica-3\/nuestros-abogados\/camilo-espinosa-abogado-inmigracion\/"]}]},{"@type":"ImageObject","inLanguage":"es","@id":"https:\/\/loigica.com\/es\/loigica-3\/nuestros-abogados\/camilo-espinosa-abogado-inmigracion\/#primaryimage","url":"https:\/\/loigica.com\/es\/wp-content\/uploads\/wmremove-transformed-3.png","contentUrl":"https:\/\/loigica.com\/es\/wp-content\/uploads\/wmremove-transformed-3.png","width":928,"height":1120,"caption":"Camilo Espinosa - Abogado de inmigraci\u00f3n en LOIGICA"},{"@type":"BreadcrumbList","@id":"https:\/\/loigica.com\/es\/loigica-3\/nuestros-abogados\/camilo-espinosa-abogado-inmigracion\/#breadcrumb","itemListElement":[{"@type":"ListItem","position":1,"name":"LOIGICA","item":"https:\/\/loigica.com\/es\/loigica-3\/"},{"@type":"ListItem","position":2,"name":"Nuestros abogados","item":"https:\/\/loigica.com\/es\/loigica-3\/nuestros-abogados\/"},{"@type":"ListItem","position":3,"name":"Camilo Espinosa abogado de inmigraci\u00f3n | Co-fundador LOIGICA"}]},{"@type":"WebSite","@id":"https:\/\/loigica.com\/es\/#website","url":"https:\/\/loigica.com\/es\/","name":"Loigica","description":"Abogados de Negocios e Inmigraci\u00f3n | USA - LATAM","publisher":{"@id":"https:\/\/loigica.com\/es\/#organization"},"potentialAction":[{"@type":"SearchAction","target":{"@type":"EntryPoint","urlTemplate":"https:\/\/loigica.com\/es\/?s={search_term_string}"},"query-input":{"@type":"PropertyValueSpecification","valueRequired":true,"valueName":"search_term_string"}}],"inLanguage":"es"},{"@type":"Organization","@id":"https:\/\/loigica.com\/es\/#organization","name":"Loigica","alternateName":"Loigica Immigration Attorneys","url":"https:\/\/loigica.com\/es\/","logo":{"@type":"ImageObject","inLanguage":"es","@id":"https:\/\/loigica.com\/es\/#\/schema\/logo\/image\/","url":"https:\/\/loigica.com\/es\/wp-content\/uploads\/cropped-Loigica-Silver.png","contentUrl":"https:\/\/loigica.com\/es\/wp-content\/uploads\/cropped-Loigica-Silver.png","width":369,"height":317,"caption":"Loigica"},"image":{"@id":"https:\/\/loigica.com\/es\/#\/schema\/logo\/image\/"},"sameAs":["https:\/\/www.facebook.com\/loigica\/","https:\/\/x.com\/Loigica","https:\/\/www.instagram.com\/loigica\/","https:\/\/www.youtube.com\/@Loigica\/"]}]}},"_links":{"self":[{"href":"https:\/\/loigica.com\/es\/wp-json\/wp\/v2\/pages\/6199","targetHints":{"allow":["GET"]}}],"collection":[{"href":"https:\/\/loigica.com\/es\/wp-json\/wp\/v2\/pages"}],"about":[{"href":"https:\/\/loigica.com\/es\/wp-json\/wp\/v2\/types\/page"}],"author":[{"embeddable":true,"href":"https:\/\/loigica.com\/es\/wp-json\/wp\/v2\/users\/19"}],"replies":[{"embeddable":true,"href":"https:\/\/loigica.com\/es\/wp-json\/wp\/v2\/comments?post=6199"}],"version-history":[{"count":52,"href":"https:\/\/loigica.com\/es\/wp-json\/wp\/v2\/pages\/6199\/revisions"}],"predecessor-version":[{"id":23400,"href":"https:\/\/loigica.com\/es\/wp-json\/wp\/v2\/pages\/6199\/revisions\/23400"}],"up":[{"embeddable":true,"href":"https:\/\/loigica.com\/es\/wp-json\/wp\/v2\/pages\/6013"}],"wp:featuredmedia":[{"embeddable":true,"href":"https:\/\/loigica.com\/es\/wp-json\/wp\/v2\/media\/22272"}],"wp:attachment":[{"href":"https:\/\/loigica.com\/es\/wp-json\/wp\/v2\/media?parent=6199"}],"curies":[{"name":"wp","href":"https:\/\/api.w.org\/{rel}","templated":true}]}}